{"id":1,"date":"2019-05-09T13:33:16","date_gmt":"2019-05-09T13:33:16","guid":{"rendered":"http:\/\/apps.sanandres.gov.co\/?p=1"},"modified":"2025-03-11T11:44:46","modified_gmt":"2025-03-11T16:44:46","slug":"home","status":"publish","type":"page","link":"https:\/\/grd.sanandres.gov.co\/","title":{"rendered":"Home"},"content":{"rendered":"<ul>\n<li>\n<\/li>\n<li>\n<p>        <img src=\"\/wp-content\/uploads\/2023\/03\/PORTADA-bombero3.jpg\" alt=\"\"><\/p>\n<h2>SAN ANDR\u00c9S, PROVIDENCIA Y SANTA CATALINA<\/h2>\n<p>Secretar\u00eda de Gesti\u00f3n del Riesgo de Desastres<\/p>\n<\/li>\n<li>\n<p>        <img src=\"\/wp-content\/uploads\/2023\/03\/PORTADA-bombero2.jpg\" alt=\"\"><\/p>\n<h2>LA PREVENCI\u00d3N ES DE TODOS<\/h2>\n<p>Prep\u00e1rese para la temporada de huracanes<\/p>\n<\/li>\n<li>\n<\/li>\n<\/ul>\n<h2>Prep\u00e1rese para la temporada de huracanes 2023<\/h2>\n<div>\n<p>Desde 1 de junio comenz\u00f3 la temporada de huracanes, que trae consigo el riesgo de tormentas fuertes, vientos extremos, marejadas e inundaciones. Si usted vive en una zona de riesgo, \u00bfest\u00e1 preparado para enfrentar un hurac\u00e1n y los posibles da\u00f1os que puede causar? Siga estos consejos y proteja a su familia.<\/p>\n<p>Recuerda&#8230; \u00a1La prevenci\u00f3n es un asunto de todos!<\/p>\n<\/div>\n<ul>\n<li>\n        <a href=\"\/index.php?page_id=1584\">M\u00e1s consejos<\/a>\n    <\/li>\n<li>\n        <a href=\"\/index.php?page_id=53\"><\/a>\n    <\/li>\n<\/ul>\n<h2>Noticias<\/h2>\n<div>\n<p>Ent\u00e9rate de toda la actualidad del Archipi\u00e9lago de San Andr\u00e9s, Providencia y Santa Catalina. Noticias sobre gesti\u00f3n del riesgos de desastres: art\u00edculos, videos, fotos y dem\u00e1s aconteceres de intereses para la comunidad en general del territorio departamental.\u00a0<\/p>\n<\/div>\n<ul>\n<li>\n        <a href=\"\/index.php?page_id=53\">Ver todas las noticias<\/a>\n    <\/li>\n<li>\n        <a href=\"\/index.php?page_id=53\"><\/a>\n    <\/li>\n<\/ul>\n<ul>\n<li>\n<p>        <img src=\"\/wp-content\/uploads\/2023\/10\/calentamiento-global.png\" alt=\"\"><\/p>\n<\/li>\n<li>\n<p>        <img src=\"\/wp-content\/uploads\/2023\/10\/aumento-nivel-del-mar.png\" alt=\"\"><\/p>\n<\/li>\n<li>\n<p>        <img src=\"\/wp-content\/uploads\/2023\/10\/desequilibrio-naturaleza.png\" alt=\"\"><\/p>\n<\/li>\n<li>\n<p>        <img src=\"\/wp-content\/uploads\/2023\/10\/deshielo-de-los-glaciales.png\" alt=\"\"><\/p>\n<\/li>\n<\/ul>\n<ul>\n<li>\n<p>        <img src=\"\/wp-content\/uploads\/2023\/11\/Noticia-Portada-12.png\" alt=\"\"><\/p>\n<h3>Bachilleres del Bolivariano capacitados en primeros auxilios<\/h3>\n<div>\n<p align=\"justify\">Los j\u00f3venes de 11\u00b0 del Colegio Bolivariano, reciben capacitaci\u00f3n de primeros auxilios bajo incendio, por el Cuerpo de Bomberos de la isla.<\/p>\n<\/div>\n<p><a href=\"\/index.php?p=2200\">Leer m\u00e1s<\/a><\/p>\n<\/li>\n<li>\n<p>        <img src=\"\/wp-content\/uploads\/2023\/11\/Noticia-Portada-11.png\" alt=\"\"><\/p>\n<h3>Madres cabeza de familias capacitadas en Sismo<\/h3>\n<div>\n<p align=\"justify\">Un temblor puede pasar en cualquier momento y sin aviso, por eso es importante estar capacitados para saber que hacer en caso de presentarse, y mas aun si eres madres cabeza de familia.<\/p>\n<\/div>\n<p><a href=\"\/index.php?p=2184\">Leer m\u00e1s<\/a><\/p>\n<\/li>\n<li>\n<p>        <img src=\"\/wp-content\/uploads\/2023\/11\/Noticia-Portada-10.png\" alt=\"\"><\/p>\n<h3>Apoyo a las familias afectadas por las lluvias del fin de semana<\/h3>\n<div>\n<p>Los funcionarios de la secretaria realizaron recorrido en varios sectores de la isla, buscando apoyar a las familias afectadas por las fuertes brisas y lluvias presentadas.<\/p>\n<\/div>\n<p><a href=\"\/index.php?p=2150\">Leer m\u00e1s<\/a><\/p>\n<\/li>\n<li>\n<p>        <img src=\"\/wp-content\/uploads\/2023\/11\/Noticia-Portada-09.png\" alt=\"\"><\/p>\n<h3>Sensibilizaci\u00f3n en barrios por temporada de huracanes<\/h3>\n<div>\n<p>En vista a la temporada de huracanes se contin\u00faa impartiendo experiencias y conocimientos a la comunidad para saber actuar y prevenir ante alguna emergencia.<\/p>\n<\/div>\n<p><a href=\"\/index.php?p=2171\">Leer m\u00e1s<\/a><\/p>\n<\/li>\n<\/ul>\n<h1>\n<h4 style=\"text-align: center;\"><strong>SIMULACRO DEPARTAMENTAL DE RESPUESTA A EMERGENCIAS 2023<\/strong><\/h4>\n<\/h1>\n<ul>\n<li>\n<p>        <img src=\"\/wp-content\/uploads\/2023\/10\/Refugio.jpg\" alt=\"\"><\/p>\n<\/li>\n<li>\n<p>        <img src=\"\/wp-content\/uploads\/2023\/10\/Veolia.jpg\" alt=\"\"><\/p>\n<\/li>\n<li>\n<p>        <img src=\"\/wp-content\/uploads\/2023\/10\/CESYP.jpg\" alt=\"\"><\/p>\n<\/li>\n<li>\n<p>        <img src=\"\/wp-content\/uploads\/2023\/10\/01.png\" alt=\"\"><\/p>\n<\/li>\n<li>\n<p>        <img src=\"\/wp-content\/uploads\/2023\/10\/02.png\" alt=\"\"><\/p>\n<\/li>\n<li>\n<p>        <img src=\"\/wp-content\/uploads\/2023\/10\/03.png\" alt=\"\"><\/p>\n<\/li>\n<li>\n<p>        <img src=\"\/wp-content\/uploads\/2023\/10\/04.png\" alt=\"\"><\/p>\n<\/li>\n<li>\n<p>        <img src=\"\/wp-content\/uploads\/2023\/10\/05.png\" alt=\"\"><\/p>\n<\/li>\n<li>\n<p>        <img src=\"\/wp-content\/uploads\/2023\/10\/07.png\" alt=\"\"><\/p>\n<\/li>\n<li>\n<p>        <img src=\"\/wp-content\/uploads\/2023\/10\/08.png\" alt=\"\"><\/p>\n<\/li>\n<\/ul>\n<p><!-- {\"name\":\"\",\"type\":\"layout\",\"children\":[{\"name\":\"Hero\",\"type\":\"section\",\"props\":{\"style\":\"default\",\"width\":\"\",\"vertical_align\":\"\",\"title_position\":\"top-left\",\"title_rotation\":\"left\",\"title_breakpoint\":\"xl\",\"image_position\":\"center-center\",\"padding\":\"none\",\"padding_remove_top\":false},\"children\":[{\"name\":\"\",\"type\":\"row\",\"props\":{\"margin_remove_top\":false},\"children\":[{\"name\":\"\",\"type\":\"column\",\"props\":{\"image_position\":\"center-center\",\"media_overlay_gradient\":\"\",\"width_medium\":\"\"},\"children\":[{\"name\":\"\",\"type\":\"slideshow\",\"props\":{\"show_title\":true,\"show_meta\":true,\"show_content\":true,\"show_link\":false,\"show_thumbnail\":true,\"slideshow_min_height\":\"630\",\"slideshow_autoplay_pause\":true,\"nav\":\"dotnav\",\"nav_position\":\"bottom-center\",\"nav_position_margin\":\"medium\",\"nav_align\":\"center\",\"nav_breakpoint\":\"\",\"thumbnav_width\":\"150\",\"thumbnav_height\":\"100\",\"slidenav\":\"bottom-right\",\"slidenav_margin\":\"\",\"slidenav_breakpoint\":\"s\",\"slidenav_outside_breakpoint\":\"xl\",\"overlay_position\":\"center\",\"overlay_animation\":\"parallax\",\"title_element\":\"h2\",\"meta_style\":\"h4\",\"meta_align\":\"above-title\",\"link_text\":\"Read more\",\"link_style\":\"default\",\"margin\":\"remove-vertical\",\"slideshow_height\":\"section\",\"slideshow_box_shadow\":\"\",\"slideshow_box_decoration\":\"\",\"slideshow_animation\":\"pull\",\"slideshow_kenburns\":\"\",\"nav_color\":\"\",\"slidenav_outside_color\":\"\",\"overlay_container\":\"default\",\"overlay_container_padding\":\"\",\"overlay_width\":\"\",\"title_style\":\"heading-medium\",\"text_align\":\"center\",\"animation\":\"parallax\",\"slideshow_max_height\":\"600\",\"container_padding_remove\":false,\"slidenav_hover\":false,\"slidenav_large\":true,\"margin_remove_top\":false,\"nav_below\":false,\"nav_margin\":\"\",\"nav_vertical\":false,\"overlay_parallax_scale_start\":\"\",\"overlay_parallax_scale_end\":\"\",\"title_parallax_scale_start\":\"\",\"title_parallax_scale_end\":\"\",\"title_parallax_rotate_start\":\"\",\"title_parallax_rotate_end\":\"\",\"title_parallax_x_start\":\"\",\"title_parallax_x_end\":\"\",\"overlay_parallax_x_start\":\"\",\"title_parallax_y_start\":\"\",\"thumbnav_nowrap\":true,\"meta_color\":\"muted\",\"parallax_breakpoint\":\"m\",\"parallax_target\":false,\"title_parallax_opacity_start\":\"\",\"title_parallax_opacity_end\":\"\",\"overlay_parallax_x_end\":\"\",\"overlay_parallax_y_end\":\"\",\"overlay_parallax_y_start\":\"\",\"title_parallax_y_end\":\"\",\"slideshow_velocity\":\"1.5\",\"parallax_y_start\":\"0\",\"parallax_y_end\":\"-50\",\"thumbnav_svg_color\":\"emphasis\",\"title_margin\":\"remove\",\"meta_element\":\"div\",\"slideshow_autoplay\":true,\"title_font_family\":\"secondary\",\"title_color\":\"muted\",\"margin_remove_bottom\":false,\"slideshow_ratio\":\"16:9\",\"image_height\":\"500\"},\"children\":[{\"type\":\"slideshow_item\",\"props\":{\"image\":\"\"}},{\"type\":\"slideshow_item\",\"props\":{\"image\":\"wp-content\\\/uploads\\\/2023\\\/03\\\/PORTADA-bombero3.jpg\",\"title\":\"SAN ANDR\\u00c9S, PROVIDENCIA Y SANTA CATALINA\",\"image_alt\":\"\",\"meta\":\"Secretar\\u00eda de Gesti\\u00f3n del Riesgo de Desastres\",\"content\":\"\",\"media_overlay\":\"rgba(11, 11, 11, 0.7)\"}},{\"type\":\"slideshow_item\",\"props\":{\"image\":\"wp-content\\\/uploads\\\/2023\\\/03\\\/PORTADA-bombero2.jpg\",\"media_overlay\":\"rgba(34, 34, 34, 0.78)\",\"title\":\"LA PREVENCI\\u00d3N ES DE TODOS\",\"image_alt\":\"\",\"content\":\"\",\"meta\":\"Prep\\u00e1rese para la temporada de huracanes\"}},{\"type\":\"slideshow_item\",\"props\":{\"image\":\"\"}}]}]}]}]},{\"name\":\"Materials\",\"type\":\"section\",\"props\":{\"style\":\"muted\",\"width\":\"xlarge\",\"vertical_align\":\"middle\",\"title_position\":\"top-left\",\"title_rotation\":\"left\",\"title_breakpoint\":\"xl\",\"image_position\":\"center-center\",\"width_expand\":\"right\",\"padding\":\"large\",\"overlap\":false},\"children\":[{\"name\":\"\",\"type\":\"row\",\"props\":{\"layout\":\"1-3,2-3\",\"margin\":\"remove-vertical\",\"divider\":false,\"column_gap\":\"large\",\"row_gap\":\"large\"},\"children\":[{\"name\":\"\",\"type\":\"column\",\"props\":{\"image_position\":\"center-center\",\"padding\":\"large\",\"media_overlay_gradient\":\"\",\"width_large\":\"1-3\"},\"children\":[{\"name\":\"\",\"type\":\"headline\",\"props\":{\"title_element\":\"h2\",\"title_style\":\"heading-small\",\"text_align\":\"left\",\"text_align_breakpoint\":\"m\",\"text_align_fallback\":\"center\",\"maxwidth\":\"2xlarge\",\"maxwidth_breakpoint\":\"l\",\"margin\":\"small\",\"animation\":\"parallax\",\"content\":\"Prep\\u00e1rese para la temporada de huracanes 2023\",\"margin_remove_top\":false,\"parallax_breakpoint\":\"m\",\"parallax_y_start\":\"15\",\"parallax_y_end\":\"0\",\"parallax_opacity_start\":\"0.3\",\"parallax_opacity_end\":\"1\",\"parallax_viewport\":\"0.3\",\"block_align\":\"center\"}},{\"name\":\"\",\"type\":\"text\",\"props\":{\"margin\":\"medium\",\"column_breakpoint\":\"m\",\"text_color\":\"emphasis\",\"text_align\":\"justify\",\"text_align_breakpoint\":\"m\",\"text_align_fallback\":\"center\",\"maxwidth\":\"xlarge\",\"maxwidth_breakpoint\":\"m\",\"animation\":\"none\",\"content\":\"\n\n<p>Desde 1 de junio comenz\\u00f3 la temporada de huracanes, que trae consigo el riesgo de tormentas fuertes, vientos extremos, marejadas e inundaciones. Si usted vive en una zona de riesgo, \\u00bfest\\u00e1 preparado para enfrentar un hurac\\u00e1n y los posibles da\\u00f1os que puede causar? Siga estos consejos y proteja a su familia.<\\\/p>\\n\n\n<p>Recuerda... \\u00a1La prevenci\\u00f3n es un asunto de todos!<\\\/p>\"}},{\"type\":\"button\",\"props\":{\"grid_column_gap\":\"small\",\"grid_row_gap\":\"small\",\"margin\":\"default\",\"button_size\":\"small\",\"fullwidth\":false,\"text_align\":\"left\"},\"children\":[{\"type\":\"button_item\",\"props\":{\"button_style\":\"link-text\",\"icon_align\":\"left\",\"content\":\"M\\u00e1s consejos\",\"link\":\"index.php?page_id=1584\",\"icon\":\"plus-circle\"}},{\"type\":\"button_item\",\"props\":{\"button_style\":\"default\",\"icon_align\":\"left\",\"link\":\"index.php?page_id=53\"}}]}]},{\"name\":\"\",\"type\":\"column\",\"props\":{\"image_position\":\"center-center\",\"vertical_align\":\"middle\",\"media_overlay_gradient\":\"\",\"width_large\":\"2-3\"},\"children\":[]}]}]},{\"name\":\"NOTICIAS\",\"type\":\"section\",\"props\":{\"style\":\"default\",\"width\":\"xlarge\",\"vertical_align\":\"middle\",\"title_position\":\"top-left\",\"title_rotation\":\"left\",\"title_breakpoint\":\"xl\",\"image_position\":\"center-center\",\"width_expand\":\"right\",\"padding\":\"large\",\"padding_remove_top\":false,\"padding_remove_bottom\":true},\"children\":[{\"name\":\"\",\"type\":\"row\",\"props\":{\"layout\":\"1-3,2-3\",\"divider\":true,\"width\":\"default\",\"padding_remove_horizontal\":true,\"width_expand\":\"left\",\"match\":true,\"row_gap\":\"medium\"},\"children\":[{\"name\":\"\",\"type\":\"column\",\"props\":{\"image_position\":\"center-center\",\"vertical_align\":\"middle\",\"media_overlay_gradient\":\"\",\"width_large\":\"1-3\"},\"children\":[{\"name\":\"\",\"type\":\"divider\",\"props\":{\"divider_element\":\"div\",\"divider_style\":\"small\",\"divider_align\":\"left\",\"divider_align_breakpoint\":\"\",\"divider_align_fallback\":\"\",\"animation\":\"none\",\"margin_remove_bottom\":false}},{\"name\":\"\",\"type\":\"headline\",\"props\":{\"title_element\":\"h2\",\"title_style\":\"heading-small\",\"text_align\":\"left\",\"maxwidth\":\"xlarge\",\"animation\":\"parallax\",\"content\":\"Noticias\",\"margin_remove_top\":true,\"parallax_breakpoint\":\"m\",\"parallax_y_start\":\"20\",\"parallax_y_end\":\"0\",\"parallax_opacity_start\":\"0.3\",\"parallax_opacity_end\":\"1\",\"parallax_viewport\":\"0.3\"}},{\"name\":\"\",\"type\":\"text\",\"props\":{\"margin\":\"default\",\"column_breakpoint\":\"m\",\"text_align\":\"left\",\"maxwidth\":\"xlarge\",\"animation\":\"none\",\"content\":\"\n\n<p>Ent\\u00e9rate de toda la actualidad del Archipi\\u00e9lago de San Andr\\u00e9s, Providencia y Santa Catalina. Noticias sobre gesti\\u00f3n del riesgos de desastres: art\\u00edculos, videos, fotos y dem\\u00e1s aconteceres de intereses para la comunidad en general del territorio departamental.\\u00a0<\\\/p>\"}},{\"name\":\"\",\"type\":\"button\",\"props\":{\"margin\":\"large\",\"text_align\":\"left\",\"maxwidth\":\"xlarge\",\"animation\":\"none\",\"grid_column_gap\":\"small\",\"grid_row_gap\":\"small\"},\"children\":[{\"name\":\"\",\"type\":\"button_item\",\"props\":{\"button_style\":\"text\",\"icon_align\":\"left\",\"content\":\"Ver todas las noticias\",\"link\":\"index.php?page_id=53\"}},{\"type\":\"button_item\",\"props\":{\"button_style\":\"default\",\"icon_align\":\"left\",\"link\":\"index.php?page_id=53\"}}]},{\"type\":\"slider\",\"props\":{\"show_title\":true,\"show_meta\":true,\"show_content\":true,\"show_link\":true,\"slider_width\":\"fixed\",\"slider_width_default\":\"1-1\",\"slider_width_medium\":\"\",\"slider_min_height\":\"300\",\"slider_gap\":\"small\",\"slider_autoplay_pause\":true,\"nav\":\"\",\"nav_align\":\"center\",\"nav_breakpoint\":\"\",\"slidenav\":\"default\",\"slidenav_margin\":\"\",\"slidenav_breakpoint\":\"\",\"slidenav_outside_breakpoint\":\"xl\",\"overlay_mode\":\"cover\",\"overlay_position\":\"center\",\"overlay_transition\":\"fade\",\"title_hover_style\":\"reset\",\"title_element\":\"h3\",\"meta_style\":\"heading-small\",\"meta_align\":\"below-title\",\"meta_element\":\"div\",\"link_text\":\"Read more\",\"link_style\":\"default\",\"text_align\":\"center\",\"margin\":\"small\",\"slider_divider\":true,\"nav_color\":\"dark\",\"slidenav_hover\":false,\"nav_margin\":\"small\",\"content_margin\":\"small\",\"title_margin\":\"small\",\"slider_height\":\"\",\"meta_color\":\"secondary\",\"slider_sets\":true,\"slider_center\":false,\"slider_finite\":false,\"slider_width_xlarge\":\"1-1\"},\"children\":[{\"type\":\"slider_item\",\"props\":{\"image\":\"wp-content\\\/uploads\\\/2023\\\/10\\\/calentamiento-global.png\"}},{\"type\":\"slider_item\",\"props\":{\"image\":\"wp-content\\\/uploads\\\/2023\\\/10\\\/aumento-nivel-del-mar.png\"}},{\"type\":\"slider_item\",\"props\":{\"image\":\"wp-content\\\/uploads\\\/2023\\\/10\\\/desequilibrio-naturaleza.png\"}},{\"type\":\"slider_item\",\"props\":{\"image\":\"wp-content\\\/uploads\\\/2023\\\/10\\\/deshielo-de-los-glaciales.png\"}}]}]},{\"name\":\"\",\"type\":\"column\",\"props\":{\"image_position\":\"center-center\",\"vertical_align\":\"middle\",\"media_overlay_gradient\":\"\",\"width_large\":\"2-3\"},\"children\":[{\"type\":\"grid\",\"props\":{\"show_title\":true,\"show_meta\":true,\"show_content\":true,\"show_image\":true,\"show_link\":true,\"grid_default\":\"1\",\"grid_medium\":\"2\",\"filter_style\":\"tab\",\"filter_all\":true,\"filter_position\":\"top\",\"filter_align\":\"left\",\"filter_grid_width\":\"auto\",\"filter_grid_breakpoint\":\"m\",\"title_hover_style\":\"reset\",\"title_element\":\"h3\",\"title_align\":\"top\",\"title_grid_width\":\"1-2\",\"title_grid_breakpoint\":\"m\",\"meta_style\":\"meta\",\"meta_align\":\"below-title\",\"meta_element\":\"div\",\"content_column_breakpoint\":\"m\",\"icon_width\":80,\"image_align\":\"top\",\"image_grid_width\":\"1-2\",\"image_grid_breakpoint\":\"m\",\"image_svg_color\":\"emphasis\",\"link_text\":\"Leer m\\u00e1s\",\"link_style\":\"text\",\"margin\":\"default\",\"item_animation\":\"\",\"filter\":true,\"lightbox\":false,\"image_border\":\"rounded\",\"link_size\":\"small\",\"link_margin\":\"small\",\"content_column\":\"\",\"content_align\":false,\"content_dropcap\":false,\"panel_style\":\"card-default\",\"panel_size\":\"small\",\"grid_masonry\":false},\"children\":[{\"type\":\"grid_item\",\"props\":{\"title\":\"Bachilleres del Bolivariano capacitados en primeros auxilios\",\"content\":\"\n\n<p align=\\\"justify\\\">Los j\\u00f3venes de 11\\u00b0 del Colegio Bolivariano, reciben capacitaci\\u00f3n de primeros auxilios bajo incendio, por el Cuerpo de Bomberos de la isla.<\\\/p>\",\"link\":\"index.php?p=2200\",\"image\":\"wp-content\\\/uploads\\\/2023\\\/11\\\/Noticia-Portada-12.png\"}},{\"type\":\"grid_item\",\"props\":{\"title\":\"Madres cabeza de familias capacitadas en Sismo\",\"content\":\"\n\n<p align=\\\"justify\\\">Un temblor puede pasar en cualquier momento y sin aviso, por eso es importante estar capacitados para saber que hacer en caso de presentarse, y mas aun si eres madres cabeza de familia.<\\\/p>\",\"link\":\"index.php?p=2184\",\"image\":\"wp-content\\\/uploads\\\/2023\\\/11\\\/Noticia-Portada-11.png\"}},{\"type\":\"grid_item\",\"props\":{\"title\":\"Apoyo a las familias afectadas por las lluvias del fin de semana\",\"content\":\"\n\n<p>Los funcionarios de la secretaria realizaron recorrido en varios sectores de la isla, buscando apoyar a las familias afectadas por las fuertes brisas y lluvias presentadas.<\\\/p>\",\"image\":\"wp-content\\\/uploads\\\/2023\\\/11\\\/Noticia-Portada-10.png\",\"link\":\"index.php?p=2150\"}},{\"type\":\"grid_item\",\"props\":{\"title\":\"Sensibilizaci\\u00f3n en barrios por temporada de huracanes\",\"content\":\"\n\n<p>En vista a la temporada de huracanes se contin\\u00faa impartiendo experiencias y conocimientos a la comunidad para saber actuar y prevenir ante alguna emergencia.<\\\/p>\",\"link\":\"index.php?p=2171\",\"image\":\"wp-content\\\/uploads\\\/2023\\\/11\\\/Noticia-Portada-09.png\"}}]}]}]},{\"type\":\"row\",\"children\":[{\"type\":\"column\",\"props\":{\"image_position\":\"center-center\",\"media_overlay_gradient\":\"\"},\"children\":[{\"type\":\"headline\",\"props\":{\"title_element\":\"h1\",\"content\":\"\n\n<h4 style=\\\"text-align: center;\\\"><strong>SIMULACRO DEPARTAMENTAL DE RESPUESTA A EMERGENCIAS 2023<\\\/strong><\\\/h4>\",\"title_style\":\"heading-medium\",\"title_color\":\"background\",\"title_decoration\":\"line\",\"margin_remove_bottom\":false,\"margin_remove_top\":false,\"block_align\":\"center\"}}]}]}]},{\"type\":\"section\",\"props\":{\"style\":\"muted\",\"width\":\"default\",\"vertical_align\":\"middle\",\"title_position\":\"top-left\",\"title_rotation\":\"left\",\"title_breakpoint\":\"xl\",\"image_position\":\"center-center\",\"animation\":\"fade\"},\"children\":[{\"type\":\"row\",\"children\":[{\"type\":\"column\",\"props\":{\"image_position\":\"center-center\",\"media_overlay_gradient\":\"\"},\"children\":[{\"type\":\"slideshow\",\"props\":{\"show_title\":true,\"show_meta\":true,\"show_content\":true,\"show_link\":true,\"show_thumbnail\":true,\"slideshow_min_height\":\"600\",\"slideshow_autoplay_pause\":true,\"nav\":\"thumbnav\",\"nav_position\":\"bottom-center\",\"nav_position_margin\":\"medium\",\"nav_align\":\"center\",\"nav_breakpoint\":\"s\",\"thumbnav_width\":\"100\",\"thumbnav_height\":\"75\",\"thumbnav_svg_color\":\"emphasis\",\"slidenav\":\"outside\",\"slidenav_margin\":\"small\",\"slidenav_breakpoint\":\"s\",\"slidenav_outside_breakpoint\":\"s\",\"overlay_position\":\"top-center\",\"overlay_animation\":\"parallax\",\"title_element\":\"h3\",\"meta_style\":\"meta\",\"meta_align\":\"below-title\",\"meta_element\":\"div\",\"link_text\":\"Read more\",\"link_style\":\"default\",\"margin\":\"default\",\"slideshow_height\":\"\",\"overlay_container\":\"default\",\"status\":\"\",\"nav_vertical\":true,\"nav_below\":true,\"slidenav_hover\":false,\"slidenav_large\":false,\"slideshow_animation\":\"fade\",\"slideshow_kenburns\":\"\",\"nav_margin\":\"\",\"nav_color\":\"light\",\"thumbnav_nowrap\":false,\"thumbnav_svg_inline\":true,\"slideshow_box_shadow\":\"\",\"slideshow_box_decoration\":\"shadow\",\"slideshow_autoplay\":false},\"children\":[{\"type\":\"slideshow_item\",\"props\":{\"image\":\"wp-content\\\/uploads\\\/2023\\\/10\\\/Refugio.jpg\"}},{\"type\":\"slideshow_item\",\"props\":{\"image\":\"wp-content\\\/uploads\\\/2023\\\/10\\\/Veolia.jpg\"}},{\"type\":\"slideshow_item\",\"props\":{\"image\":\"wp-content\\\/uploads\\\/2023\\\/10\\\/CESYP.jpg\"}},{\"type\":\"slideshow_item\",\"props\":{\"image\":\"wp-content\\\/uploads\\\/2023\\\/10\\\/01.png\"}},{\"type\":\"slideshow_item\",\"props\":{\"image\":\"wp-content\\\/uploads\\\/2023\\\/10\\\/02.png\"}},{\"type\":\"slideshow_item\",\"props\":{\"image\":\"wp-content\\\/uploads\\\/2023\\\/10\\\/03.png\"}},{\"type\":\"slideshow_item\",\"props\":{\"image\":\"wp-content\\\/uploads\\\/2023\\\/10\\\/04.png\"}},{\"type\":\"slideshow_item\",\"props\":{\"image\":\"wp-content\\\/uploads\\\/2023\\\/10\\\/05.png\"}},{\"type\":\"slideshow_item\",\"props\":{\"image\":\"wp-content\\\/uploads\\\/2023\\\/10\\\/07.png\"}},{\"type\":\"slideshow_item\",\"props\":{\"image\":\"wp-content\\\/uploads\\\/2023\\\/10\\\/08.png\"}}],\"name\":\"SIMULACRO DEPARTAMENTAL DE RESPUESTA A EMERGENCIAS\"}]}],\"props\":{\"margin_remove_top\":false}}],\"name\":\"I LOVE SAN ANDRES\"}],\"version\":\"2.3.14\"} --><\/p>\n","protected":false},"excerpt":{"rendered":"<p>SAN ANDR\u00c9S, PROVIDENCIA Y SANTA CATALINA Secretar\u00eda de Gesti\u00f3n del Riesgo de Desastres LA PREVENCI\u00d3N ES DE TODOS Prep\u00e1rese para la temporada de huracanes Prep\u00e1rese para la temporada de huracanes 2023 Desde 1 de junio comenz\u00f3 la temporada de huracanes, que trae consigo el riesgo de tormentas fuertes, vientos extremos, marejadas e inundaciones. Si usted [&hellip;]<\/p>\n","protected":false},"author":1,"featured_media":0,"parent":0,"menu_order":10,"comment_status":"open","ping_status":"open","template":"","meta":[],"acf":[],"_links":{"self":[{"href":"https:\/\/grd.sanandres.gov.co\/index.php?rest_route=\/wp\/v2\/pages\/1"}],"collection":[{"href":"https:\/\/grd.sanandres.gov.co\/index.php?rest_route=\/wp\/v2\/pages"}],"about":[{"href":"https:\/\/grd.sanandres.gov.co\/index.php?rest_route=\/wp\/v2\/types\/page"}],"author":[{"embeddable":true,"href":"https:\/\/grd.sanandres.gov.co\/index.php?rest_route=\/wp\/v2\/users\/1"}],"replies":[{"embeddable":true,"href":"https:\/\/grd.sanandres.gov.co\/index.php?rest_route=%2Fwp%2Fv2%2Fcomments&post=1"}],"version-history":[{"count":203,"href":"https:\/\/grd.sanandres.gov.co\/index.php?rest_route=\/wp\/v2\/pages\/1\/revisions"}],"predecessor-version":[{"id":2343,"href":"https:\/\/grd.sanandres.gov.co\/index.php?rest_route=\/wp\/v2\/pages\/1\/revisions\/2343"}],"wp:attachment":[{"href":"https:\/\/grd.sanandres.gov.co\/index.php?rest_route=%2Fwp%2Fv2%2Fmedia&parent=1"}],"curies":[{"name":"wp","href":"https:\/\/api.w.org\/{rel}","templated":true}]}}