{"id":53,"date":"2023-10-01T09:21:45","date_gmt":"2023-10-01T14:21:45","guid":{"rendered":"http:\/\/apps.sanandres.gov.co\/?page_id=53"},"modified":"2023-12-07T11:15:00","modified_gmt":"2023-12-07T16:15:00","slug":"news","status":"publish","type":"page","link":"https:\/\/grd.sanandres.gov.co\/?page_id=53","title":{"rendered":"Noticias \/ News"},"content":{"rendered":"\n<hr class=\"wp-block-separator is-style-wide\"\/>\n\n\n\n<div class=\"wp-block-query\"><ul class=\"wp-block-post-template\"><li>\n\n<h2>   <\/h2>\n\n\n\n<div class=\"wp-block-image\"><figure class=\"alignleft size-large is-resized\"><img loading=\"lazy\" src=\"http:\/\/grd.sanandres.gov.co\/wp-content\/uploads\/2023\/10\/Noticia-Portada-01-1024x512.png\" alt=\"\" class=\"wp-image-1861\" width=\"324\" height=\"162\" srcset=\"https:\/\/grd.sanandres.gov.co\/wp-content\/uploads\/2023\/10\/Noticia-Portada-01-1024x512.png 1024w, https:\/\/grd.sanandres.gov.co\/wp-content\/uploads\/2023\/10\/Noticia-Portada-01-300x150.png 300w, https:\/\/grd.sanandres.gov.co\/wp-content\/uploads\/2023\/10\/Noticia-Portada-01-768x384.png 768w, https:\/\/grd.sanandres.gov.co\/wp-content\/uploads\/2023\/10\/Noticia-Portada-01.png 1181w\" sizes=\"(max-width: 324px) 100vw, 324px\" \/><\/figure><\/div>\n\n\n\n<h2>La SGRD contin\u00faa llegando a la comunidad de la isla<\/h2>\n\n\n\n<p>Las jornadas de sensibilizaci\u00f3n del plan familiar de emergencias, llega a los hogares isle\u00f1os en los sectores del Barrio Obrero y Brooks Hill.    <\/p>\n\n\n\n<p><a href=\"http:\/\/index.php?p=12\" data-type=\"URL\" data-id=\"index.php?p=12\">Leer m\u00e1s&#8230;<\/a><\/p>\n\n\n\n<hr class=\"wp-block-separator has-text-color has-background has-vivid-red-background-color has-vivid-red-color is-style-dots\"\/>\n\n\n\n<div class=\"wp-block-image\"><figure class=\"alignleft size-large is-resized\"><img loading=\"lazy\" src=\"http:\/\/grd.sanandres.gov.co\/wp-content\/uploads\/2023\/09\/Noticia-Portada-02-1024x511.png\" alt=\"\" class=\"wp-image-1688\" width=\"328\" height=\"164\" srcset=\"https:\/\/grd.sanandres.gov.co\/wp-content\/uploads\/2023\/09\/Noticia-Portada-02-1024x511.png 1024w, https:\/\/grd.sanandres.gov.co\/wp-content\/uploads\/2023\/09\/Noticia-Portada-02-300x150.png 300w, https:\/\/grd.sanandres.gov.co\/wp-content\/uploads\/2023\/09\/Noticia-Portada-02-768x383.png 768w, https:\/\/grd.sanandres.gov.co\/wp-content\/uploads\/2023\/09\/Noticia-Portada-02.png 1185w\" sizes=\"(max-width: 328px) 100vw, 328px\" \/><\/figure><\/div>\n\n\n\n<h2>Inspecci\u00f3n a Refugios Temporales por tiempo de huracanes<\/h2>\n\n\n\n<p>En vista a la temporada de huracanes la SGRD visit\u00f3 los refugios temporales de la isla de San Andr\u00e9s.<\/p>\n\n\n\n<p><a href=\"http:\/\/index.php?p=15\" data-type=\"URL\" data-id=\"index.php?p=15\" target=\"_blank\" rel=\"noreferrer noopener\">Leer m\u00e1s&#8230;<\/a><\/p>\n\n\n\n<hr class=\"wp-block-separator has-text-color has-background has-vivid-red-background-color has-vivid-red-color is-style-dots\"\/>\n\n\n\n<div class=\"wp-block-image\"><figure class=\"alignleft size-large is-resized\"><img loading=\"lazy\" src=\"http:\/\/grd.sanandres.gov.co\/wp-content\/uploads\/2018\/08\/04-1024x478.jpg\" alt=\"\" class=\"wp-image-1776\" width=\"342\" height=\"160\" srcset=\"https:\/\/grd.sanandres.gov.co\/wp-content\/uploads\/2018\/08\/04-1024x478.jpg 1024w, https:\/\/grd.sanandres.gov.co\/wp-content\/uploads\/2018\/08\/04-300x140.jpg 300w, https:\/\/grd.sanandres.gov.co\/wp-content\/uploads\/2018\/08\/04-768x358.jpg 768w, https:\/\/grd.sanandres.gov.co\/wp-content\/uploads\/2018\/08\/04.jpg 1280w\" sizes=\"(max-width: 342px) 100vw, 342px\" \/><\/figure><\/div>\n\n\n\n<h2>Jornada de Limpieza y adecuaci\u00f3n en el Centro Log\u00edstico Humanitario<\/h2>\n\n\n\n<p>La SGRD contin\u00faa prepar\u00e1ndose para la temporada de huracanes.<\/p>\n\n\n\n<p><a rel=\"noreferrer noopener\" href=\"http:\/\/index.php?p=21\" data-type=\"URL\" data-id=\"index.php?p=21\" target=\"_blank\">Leer m\u00e1s&#8230;<\/a><\/p>\n\n\n\n<p><\/p>\n\n\n\n<hr class=\"wp-block-separator has-text-color has-background has-vivid-red-background-color has-vivid-red-color is-style-dots\"\/>\n\n\n\n<div class=\"wp-block-image\"><figure class=\"alignleft size-large is-resized\"><img loading=\"lazy\" src=\"http:\/\/grd.sanandres.gov.co\/wp-content\/uploads\/2023\/09\/Noticia-Portada-04-1024x512.png\" alt=\"\" class=\"wp-image-1689\" width=\"341\" height=\"171\" srcset=\"https:\/\/grd.sanandres.gov.co\/wp-content\/uploads\/2023\/09\/Noticia-Portada-04-1024x512.png 1024w, https:\/\/grd.sanandres.gov.co\/wp-content\/uploads\/2023\/09\/Noticia-Portada-04-300x150.png 300w, https:\/\/grd.sanandres.gov.co\/wp-content\/uploads\/2023\/09\/Noticia-Portada-04-768x384.png 768w, https:\/\/grd.sanandres.gov.co\/wp-content\/uploads\/2023\/09\/Noticia-Portada-04.png 1182w\" sizes=\"(max-width: 341px) 100vw, 341px\" \/><\/figure><\/div>\n\n\n\n<h2>Talleres a las comunidades religiosas sobre CAMBIO CLIMATICO<\/h2>\n\n\n\n<p>La Secretaria de Gesti\u00f3n del Riesgo de la mano con los ni\u00f1os(as) y j\u00f3venes de las isla<\/p>\n\n\n\n<p><a href=\"http:\/\/index.php?p=18\" data-type=\"URL\" data-id=\"index.php?p=18\" target=\"_blank\" rel=\"noreferrer noopener\">Leer m\u00e1s&#8230;<\/a><\/p>\n\n<\/li><\/ul><\/div>\n\n\n\n<hr class=\"wp-block-separator has-text-color has-background has-vivid-red-background-color has-vivid-red-color is-style-dots\"\/>\n\n\n\n<div class=\"wp-block-image\"><figure class=\"alignleft size-large is-resized\"><img loading=\"lazy\" src=\"http:\/\/grd.sanandres.gov.co\/wp-content\/uploads\/2023\/10\/Noticia-Portada-05-1024x515.png\" alt=\"\" class=\"wp-image-1940\" width=\"341\" height=\"171\" srcset=\"https:\/\/grd.sanandres.gov.co\/wp-content\/uploads\/2023\/10\/Noticia-Portada-05-1024x515.png 1024w, https:\/\/grd.sanandres.gov.co\/wp-content\/uploads\/2023\/10\/Noticia-Portada-05-300x151.png 300w, https:\/\/grd.sanandres.gov.co\/wp-content\/uploads\/2023\/10\/Noticia-Portada-05-768x386.png 768w, https:\/\/grd.sanandres.gov.co\/wp-content\/uploads\/2023\/10\/Noticia-Portada-05.png 1179w\" sizes=\"(max-width: 341px) 100vw, 341px\" \/><\/figure><\/div>\n\n\n\n<h2>Formulaci\u00f3n de Mapas Comunitarios de Riesgo con UNGRD<\/h2>\n\n\n\n<p>Trabajar en articulaci\u00f3n con la comunidad fortalece la planeaci\u00f3n de mapas comunitarios y planes de emergencias \u00f3ptimos para todos.<\/p>\n\n\n\n<p>L<a rel=\"noreferrer noopener\" href=\"https:\/\/grd.sanandres.gov.co\/?p=1922\" target=\"_blank\">eer m\u00e1s&#8230; <\/a><\/p>\n\n\n\n<hr class=\"wp-block-separator has-text-color has-background has-vivid-red-background-color has-vivid-red-color is-style-dots\"\/>\n\n\n\n<div class=\"wp-block-image\"><figure class=\"alignleft size-large is-resized\"><img loading=\"lazy\" src=\"http:\/\/grd.sanandres.gov.co\/wp-content\/uploads\/2023\/10\/Imagen-de-WhatsApp-2023-09-19-a-las-18.28.40_94ed3285-1024x576.jpg\" alt=\"\" class=\"wp-image-1948\" width=\"343\" height=\"192\" srcset=\"https:\/\/grd.sanandres.gov.co\/wp-content\/uploads\/2023\/10\/Imagen-de-WhatsApp-2023-09-19-a-las-18.28.40_94ed3285-1024x576.jpg 1024w, https:\/\/grd.sanandres.gov.co\/wp-content\/uploads\/2023\/10\/Imagen-de-WhatsApp-2023-09-19-a-las-18.28.40_94ed3285-300x169.jpg 300w, https:\/\/grd.sanandres.gov.co\/wp-content\/uploads\/2023\/10\/Imagen-de-WhatsApp-2023-09-19-a-las-18.28.40_94ed3285-768x432.jpg 768w, https:\/\/grd.sanandres.gov.co\/wp-content\/uploads\/2023\/10\/Imagen-de-WhatsApp-2023-09-19-a-las-18.28.40_94ed3285-1536x864.jpg 1536w, https:\/\/grd.sanandres.gov.co\/wp-content\/uploads\/2023\/10\/Imagen-de-WhatsApp-2023-09-19-a-las-18.28.40_94ed3285.jpg 1600w\" sizes=\"(max-width: 343px) 100vw, 343px\" \/><\/figure><\/div>\n\n\n\n<h2>Mesa de trabajo a favor de mitigar el Cambio Clim\u00e1tico <\/h2>\n\n\n\n<p>Entidades p\u00fabicas y privadas unidos para reducir los efectos del Cambio Clim\u00e1tico en el Archipi\u00e9lago con la implementaci\u00f3n del PIGCC.<\/p>\n\n\n\n<p><a rel=\"noreferrer noopener\" href=\"https:\/\/grd.sanandres.gov.co\/?p=1947\" data-type=\"URL\" data-id=\"https:\/\/grd.sanandres.gov.co\/?p=1947\" target=\"_blank\">Leer m\u00e1s&#8230; <\/a><\/p>\n\n\n\n<p><\/p>\n\n\n\n<hr class=\"wp-block-separator has-text-color has-background has-vivid-red-background-color has-vivid-red-color is-style-dots\"\/>\n\n\n\n<div class=\"wp-block-image\"><figure class=\"alignleft size-large is-resized\"><img loading=\"lazy\" src=\"http:\/\/grd.sanandres.gov.co\/wp-content\/uploads\/2023\/10\/Noticia-Portada-07-1024x513.png\" alt=\"\" class=\"wp-image-2135\" width=\"345\" height=\"172\" srcset=\"https:\/\/grd.sanandres.gov.co\/wp-content\/uploads\/2023\/10\/Noticia-Portada-07-1024x513.png 1024w, https:\/\/grd.sanandres.gov.co\/wp-content\/uploads\/2023\/10\/Noticia-Portada-07-300x150.png 300w, https:\/\/grd.sanandres.gov.co\/wp-content\/uploads\/2023\/10\/Noticia-Portada-07-768x385.png 768w, https:\/\/grd.sanandres.gov.co\/wp-content\/uploads\/2023\/10\/Noticia-Portada-07-1536x769.png 1536w, https:\/\/grd.sanandres.gov.co\/wp-content\/uploads\/2023\/10\/Noticia-Portada-07.png 1903w\" sizes=\"(max-width: 345px) 100vw, 345px\" \/><\/figure><\/div>\n\n\n\n<h2>Simulacro hurac\u00e1n Fiona en el territorio insular<\/h2>\n\n\n\n<p>Activaci\u00f3n de la sala de crisis departamental frente al paso del hurac\u00e1n Fiona en la isla este 3 y 4 de octubre en el Simulacro de Respuestas a Emergencias.  <\/p>\n\n\n\n<p> <a href=\"https:\/\/grd.sanandres.gov.co\/?p=2094\">Leer m\u00e1s&#8230;<\/a><\/p>\n\n\n\n<hr class=\"wp-block-separator has-text-color has-background has-vivid-red-background-color has-vivid-red-color is-style-dots\"\/>\n\n\n\n<div class=\"wp-block-image\"><figure class=\"alignleft size-large is-resized\"><img loading=\"lazy\" src=\"http:\/\/grd.sanandres.gov.co\/wp-content\/uploads\/2023\/10\/Noticia-Portada-08-1024x513.png\" alt=\"\" class=\"wp-image-2139\" width=\"365\" height=\"183\" srcset=\"https:\/\/grd.sanandres.gov.co\/wp-content\/uploads\/2023\/10\/Noticia-Portada-08-1024x513.png 1024w, https:\/\/grd.sanandres.gov.co\/wp-content\/uploads\/2023\/10\/Noticia-Portada-08-300x150.png 300w, https:\/\/grd.sanandres.gov.co\/wp-content\/uploads\/2023\/10\/Noticia-Portada-08-768x385.png 768w, https:\/\/grd.sanandres.gov.co\/wp-content\/uploads\/2023\/10\/Noticia-Portada-08-1536x770.png 1536w, https:\/\/grd.sanandres.gov.co\/wp-content\/uploads\/2023\/10\/Noticia-Portada-08.png 1904w\" sizes=\"(max-width: 365px) 100vw, 365px\" \/><\/figure><\/div>\n\n\n\n<h2>Primeros Auxilios Psicol\u00f3gicos un tema pasado por alto al momento de una emergencia<\/h2>\n\n\n\n<p>Uni\u00f3n de conocimiento y experiencias con la secretaria de gesti\u00f3n del riesgo de Republica Dominicana, porque los traumas psicol\u00f3gicos se reflejan ante una emergencia de desastres.   <\/p>\n\n\n\n<p><a href=\"https:\/\/grd.sanandres.gov.co\/?p=2121\">Leer m\u00e1s&#8230;<\/a><\/p>\n\n\n\n<hr class=\"wp-block-separator has-text-color has-background has-vivid-red-background-color has-vivid-red-color is-style-dots\"\/>\n\n\n\n<div class=\"wp-block-image\"><figure class=\"alignleft size-large is-resized\"><img loading=\"lazy\" src=\"http:\/\/grd.sanandres.gov.co\/wp-content\/uploads\/2023\/11\/Noticia-Portada-09-1024x513.png\" alt=\"\" class=\"wp-image-2216\" width=\"367\" height=\"183\" srcset=\"https:\/\/grd.sanandres.gov.co\/wp-content\/uploads\/2023\/11\/Noticia-Portada-09-1024x513.png 1024w, https:\/\/grd.sanandres.gov.co\/wp-content\/uploads\/2023\/11\/Noticia-Portada-09-300x150.png 300w, https:\/\/grd.sanandres.gov.co\/wp-content\/uploads\/2023\/11\/Noticia-Portada-09-768x385.png 768w, https:\/\/grd.sanandres.gov.co\/wp-content\/uploads\/2023\/11\/Noticia-Portada-09.png 1182w\" sizes=\"(max-width: 367px) 100vw, 367px\" \/><\/figure><\/div>\n\n\n\n<h2>Sensibilizaci\u00f3n en barrios por temporada de huracanes<\/h2>\n\n\n\n<p>En vista a la temporada de huracanes se contin\u00faa impartiendo experiencias y conocimientos a la comunidad para saber actuar y prevenir ante alguna emergencia<\/p>\n\n\n\n<p><a href=\"https:\/\/grd.sanandres.gov.co\/?p=2171\">Leer m\u00e1s&#8230;<\/a><\/p>\n\n\n\n<hr class=\"wp-block-separator has-text-color has-background has-vivid-red-background-color has-vivid-red-color is-style-dots\"\/>\n\n\n\n<div class=\"wp-block-image\"><figure class=\"alignleft size-large is-resized\"><img loading=\"lazy\" src=\"https:\/\/grd.sanandres.gov.co\/wp-content\/uploads\/2023\/12\/Noticia-Portada-10-1024x513.png\" alt=\"\" class=\"wp-image-2258\" width=\"365\" height=\"182\" srcset=\"https:\/\/grd.sanandres.gov.co\/wp-content\/uploads\/2023\/12\/Noticia-Portada-10-1024x513.png 1024w, https:\/\/grd.sanandres.gov.co\/wp-content\/uploads\/2023\/12\/Noticia-Portada-10-300x150.png 300w, https:\/\/grd.sanandres.gov.co\/wp-content\/uploads\/2023\/12\/Noticia-Portada-10-768x385.png 768w, https:\/\/grd.sanandres.gov.co\/wp-content\/uploads\/2023\/12\/Noticia-Portada-10.png 1182w\" sizes=\"(max-width: 365px) 100vw, 365px\" \/><\/figure><\/div>\n\n\n\n<h2>Apoyo a las familias afectadas por las lluvias del fin de semana<\/h2>\n\n\n\n<p>Los funcionarios de la secretaria realizaron recorrido en varios sectores de la isla, buscando apoyar a las familias afectadas por las fuertes brisas y lluvias presentadas.<\/p>\n\n\n\n<p><a href=\"https:\/\/grd.sanandres.gov.co\/?p=2150\">Leer m\u00e1s&#8230;<\/a><\/p>\n\n\n\n<hr class=\"wp-block-separator has-text-color has-background has-vivid-red-background-color has-vivid-red-color is-style-dots\"\/>\n\n\n\n<div class=\"wp-block-image\"><figure class=\"alignleft size-large is-resized\"><img loading=\"lazy\" src=\"https:\/\/grd.sanandres.gov.co\/wp-content\/uploads\/2023\/12\/Noticia-Portada-11-1024x513.png\" alt=\"\" class=\"wp-image-2256\" width=\"371\" height=\"185\" srcset=\"https:\/\/grd.sanandres.gov.co\/wp-content\/uploads\/2023\/12\/Noticia-Portada-11-1024x513.png 1024w, https:\/\/grd.sanandres.gov.co\/wp-content\/uploads\/2023\/12\/Noticia-Portada-11-300x150.png 300w, https:\/\/grd.sanandres.gov.co\/wp-content\/uploads\/2023\/12\/Noticia-Portada-11-768x385.png 768w, https:\/\/grd.sanandres.gov.co\/wp-content\/uploads\/2023\/12\/Noticia-Portada-11.png 1182w\" sizes=\"(max-width: 371px) 100vw, 371px\" \/><\/figure><\/div>\n\n\n\n<h2>Madres cabeza de familias capacitadas en Sismo<\/h2>\n\n\n\n<p>Un temblor puede pasar en cualquier momento y sin aviso, por eso es importante estar capacitados para saber que hacer en caso de presentarse, y mas aun si eres madres cabeza de familia.<\/p>\n\n\n\n<p><a href=\"https:\/\/grd.sanandres.gov.co\/?p=2184\">Leer m\u00e1s&#8230; <\/a><\/p>\n\n\n\n<hr class=\"wp-block-separator has-text-color has-background has-vivid-red-background-color has-vivid-red-color is-style-dots\"\/>\n\n\n\n<div class=\"wp-block-image\"><figure class=\"alignleft size-large is-resized\"><img loading=\"lazy\" src=\"https:\/\/grd.sanandres.gov.co\/wp-content\/uploads\/2023\/12\/Noticia-Portada-12-1024x513.png\" alt=\"\" class=\"wp-image-2253\" width=\"371\" height=\"185\" srcset=\"https:\/\/grd.sanandres.gov.co\/wp-content\/uploads\/2023\/12\/Noticia-Portada-12-1024x513.png 1024w, https:\/\/grd.sanandres.gov.co\/wp-content\/uploads\/2023\/12\/Noticia-Portada-12-300x150.png 300w, https:\/\/grd.sanandres.gov.co\/wp-content\/uploads\/2023\/12\/Noticia-Portada-12-768x385.png 768w, https:\/\/grd.sanandres.gov.co\/wp-content\/uploads\/2023\/12\/Noticia-Portada-12.png 1182w\" sizes=\"(max-width: 371px) 100vw, 371px\" \/><\/figure><\/div>\n\n\n\n<h2>Bachilleres del Bolivariano capacitados en primeros auxilios<\/h2>\n\n\n\n<p>Los j\u00f3venes de 11\u00b0 del Colegio Bolivariano, reciben capacitaci\u00f3n de primeros auxilios bajo incendio, por el Cuerpo de Bomberos de la isla.<\/p>\n\n\n\n<p><a href=\"https:\/\/grd.sanandres.gov.co\/?p=2200\">Leer m\u00e1s&#8230; <\/a><\/p>\n\n\n\n<hr class=\"wp-block-separator has-text-color has-background has-vivid-red-background-color has-vivid-red-color is-style-dots\"\/>\n\n\n\n<p><\/p>\n","protected":false},"excerpt":{"rendered":"<p>Formulaci\u00f3n de Mapas Comunitarios de Riesgo con UNGRD Trabajar en articulaci\u00f3n con la comunidad fortalece la planeaci\u00f3n de mapas comunitarios y planes de emergencias \u00f3ptimos para todos. Leer m\u00e1s&#8230; Mesa de trabajo a favor de mitigar el Cambio Clim\u00e1tico Entidades p\u00fabicas y privadas unidos para reducir los efectos del Cambio Clim\u00e1tico en el Archipi\u00e9lago con [&hellip;]<\/p>\n","protected":false},"author":3,"featured_media":0,"parent":0,"menu_order":0,"comment_status":"closed","ping_status":"closed","template":"","meta":[],"acf":[],"_links":{"self":[{"href":"https:\/\/grd.sanandres.gov.co\/index.php?rest_route=\/wp\/v2\/pages\/53"}],"collection":[{"href":"https:\/\/grd.sanandres.gov.co\/index.php?rest_route=\/wp\/v2\/pages"}],"about":[{"href":"https:\/\/grd.sanandres.gov.co\/index.php?rest_route=\/wp\/v2\/types\/page"}],"author":[{"embeddable":true,"href":"https:\/\/grd.sanandres.gov.co\/index.php?rest_route=\/wp\/v2\/users\/3"}],"replies":[{"embeddable":true,"href":"https:\/\/grd.sanandres.gov.co\/index.php?rest_route=%2Fwp%2Fv2%2Fcomments&post=53"}],"version-history":[{"count":81,"href":"https:\/\/grd.sanandres.gov.co\/index.php?rest_route=\/wp\/v2\/pages\/53\/revisions"}],"predecessor-version":[{"id":2260,"href":"https:\/\/grd.sanandres.gov.co\/index.php?rest_route=\/wp\/v2\/pages\/53\/revisions\/2260"}],"wp:attachment":[{"href":"https:\/\/grd.sanandres.gov.co\/index.php?rest_route=%2Fwp%2Fv2%2Fmedia&parent=53"}],"curies":[{"name":"wp","href":"https:\/\/api.w.org\/{rel}","templated":true}]}}